{"id":38,"date":"2024-06-06T21:01:00","date_gmt":"2024-06-06T19:01:00","guid":{"rendered":"https:\/\/info.modenska746.cz\/?page_id=38"},"modified":"2026-04-24T10:10:05","modified_gmt":"2026-04-24T08:10:05","slug":"aktualni-informace","status":"publish","type":"page","link":"https:\/\/info.modenska746.cz\/","title":{"rendered":"aktu\u00e1ln\u00ed informace"},"content":{"rendered":"\n<h2 class=\"wp-block-heading\">V\u00fdm\u011bna vodom\u011br\u016f<\/h2>\n\n\n\n<details class=\"wp-block-details is-layout-flow wp-block-details-is-layout-flow\"><summary>4. &#8211; 7.5.2026 <\/summary>\n<p>V term\u00ednech 4.-7.5.2026 bude prob\u00edhat v\u00fdm\u011bna vodom\u011br\u016f, rozpisy term\u00edn\u016f pro jednotliv\u00e9 vchody a patra najdete zde:<\/p>\n\n\n\n<p><a href=\"http:\/\/info.modenska746.cz\/wp-content\/uploads\/2026\/04\/Modenska-746.pdf\" data-type=\"link\" data-id=\"http:\/\/info.modenska746.cz\/wp-content\/uploads\/2026\/04\/Modenska-746.pdf\">Modensk\u00e1 746\/7<\/a><\/p>\n\n\n\n<p><a href=\"http:\/\/info.modenska746.cz\/wp-content\/uploads\/2026\/04\/Hornomecholupska-746_137.pdf\" data-type=\"link\" data-id=\"http:\/\/info.modenska746.cz\/wp-content\/uploads\/2026\/04\/Hornomecholupska-746_137.pdf\">Hornom\u011bcholupsk\u00e1 746\/137<\/a><\/p>\n\n\n\n<p><a href=\"http:\/\/info.modenska746.cz\/wp-content\/uploads\/2026\/04\/Hornomecholupska-746_139.pdf\" data-type=\"link\" data-id=\"http:\/\/info.modenska746.cz\/wp-content\/uploads\/2026\/04\/Hornomecholupska-746_139.pdf\">Hornom\u011bcholupsk\u00e1 746\/139<\/a><\/p>\n\n\n\n<p><a href=\"http:\/\/info.modenska746.cz\/wp-content\/uploads\/2026\/04\/informace-vyves-spravceobjekt.pdf\" data-type=\"link\" data-id=\"http:\/\/info.modenska746.cz\/wp-content\/uploads\/2026\/04\/informace-vyves-spravceobjekt.pdf\">Hromadn\u00e9 informace<\/a><\/p>\n\n\n\n<p>Pros\u00edme o zaji\u0161t\u011bn\u00ed zp\u0159\u00edstupn\u011bn\u00ed Va\u0161\u00ed jednotky v\u00a0uveden\u00e9 term\u00edny, d\u011bkujeme.<\/p>\n<\/details>\n\n\n\n<hr class=\"wp-block-separator has-alpha-channel-opacity\"\/>\n\n\n\n<h2 class=\"wp-block-heading\">Instalace kamer<\/h2>\n\n\n\n<details class=\"wp-block-details is-layout-flow wp-block-details-is-layout-flow\"><summary><strong>20.4. &#8211; 22.4.2026<\/strong><\/summary>\n<p>bude prob\u00edhat&nbsp;<strong>instalov\u00e1n\u00ed kamer do v\u00fdtah\u016f<\/strong>, kter\u00e9 jsme si schv\u00e1lili na minul\u00e9m shrom\u00e1\u017ed\u011bn\u00ed, resp. per rollam.&nbsp;<\/p>\n\n\n\n<p>Pro instalaci je v\u017edy t\u0159eba v\u00fdtah na n\u011bjakou dobu zastavit, tedy omluvte do\u010dasn\u00e9 v\u00fdpadky v\u00fdtah\u016f.&nbsp;<\/p>\n<\/details>\n\n\n\n<hr class=\"wp-block-separator has-alpha-channel-opacity\"\/>\n\n\n\n<h2 class=\"wp-block-heading\">\u010ci\u0161t\u011bn\u00ed gar\u00e1\u017e\u00ed<\/h2>\n\n\n\n<details class=\"wp-block-details is-layout-flow wp-block-details-is-layout-flow\"><summary>23. a 24. 4. 2026<\/summary>\n<p>Prob\u011bhne \u010di\u0161t\u011bn\u00ed gar\u00e1\u017e\u00ed:<\/p>\n\n\n\n<p><strong>23. 4. 2026 &#8211; gar\u00e1\u017e -2PP &#8211; 8:00 &#8211; 16:00<\/strong><\/p>\n\n\n\n<p><strong>24. 4. 2026 &#8211; gar\u00e1\u017e -1PP &#8211; 8:00 &#8211; 16:00<\/strong><\/p>\n\n\n\n<p><strong>Pros\u00edm, vyparkujte sv\u00e1 auta na dobu tohoto \u010di\u0161t\u011bn\u00ed, a\u0165 m\u016f\u017ee \u00faklid prob\u011bhnout po\u0159\u00e1dn\u011b a bez komplikac\u00ed. <\/strong><\/p>\n<\/details>\n\n\n\n<hr class=\"wp-block-separator has-alpha-channel-opacity\"\/>\n\n\n\n<h2 class=\"wp-block-heading\">\u010ci\u0161t\u011bn\u00ed gar\u00e1\u017e\u00ed<\/h2>\n\n\n\n<details class=\"wp-block-details is-layout-flow wp-block-details-is-layout-flow\"><summary>13. a 14. 10. 2025<\/summary>\n<p>Prob\u011bhne \u010di\u0161t\u011bn\u00ed gar\u00e1\u017e\u00ed:<\/p>\n\n\n\n<p><strong>13. 10.2025 &#8211; gar\u00e1\u017e -2 PP &#8211; 8:00 &#8211; 16:00&nbsp;<\/strong><\/p>\n\n\n\n<p><strong>14.10.2025 &#8211; gar\u00e1\u017e -1 PP &#8211; 8:00 &#8211; 16:00<\/strong><\/p>\n\n\n\n<p><strong>Pros\u00edm, vyparkujte sv\u00e1 auta na dobu tohoto \u010di\u0161t\u011bn\u00ed, a\u0165 m\u016f\u017ee \u00faklid prob\u011bhnout po\u0159\u00e1dn\u011b a bez komplikac\u00ed.&nbsp;<\/strong><\/p>\n<\/details>\n\n\n\n<hr class=\"wp-block-separator has-alpha-channel-opacity\"\/>\n\n\n\n<h2 class=\"wp-block-heading\">Dlouhodob\u00e1 pln\u00e1 moc<\/h2>\n\n\n\n<details class=\"wp-block-details is-layout-flow wp-block-details-is-layout-flow\"><summary>Pro n\u00e1sleduj\u00edc\u00ed shrom\u00e1\u017ed\u011bn\u00ed a hlasov\u00e1n\u00ed Per Rollam<\/summary>\n<p>po leto\u0161n\u00edm shrom\u00e1\u017ed\u011bn\u00ed, a opakovan\u00e9 ka\u017edoro\u010dn\u00ed nutnosti vypl\u0148ovat pln\u00e9 moci ke shrom\u00e1\u017ed\u011bn\u00ed, jsme s mnoh\u00fdmi z V\u00e1s \u0159e\u0161ili po\u017eadavek dlouhodob\u00e9 pln\u00e9 moci pro \u00fa\u010dely hlasov\u00e1n\u00ed na shrom\u00e1\u017ed\u011bn\u00ed a v hlasov\u00e1n\u00ed per rollam.&nbsp;<\/p>\n\n\n\n<p>N\u011bkte\u0159\u00ed lid\u00e9 zde nebydl\u00ed a necht\u011bj\u00ed se shrom\u00e1\u017ed\u011bn\u00edm v\u016fbec zab\u00fdvat, n\u011bkdo ano, ale emaily ne\u010dte, tak\u017ee n\u00e1m chod\u00ed pln\u00e9 moci po shrom\u00e1\u017ed\u011bn\u00ed atd.<\/p>\n\n\n\n<p>Spojili jsme se s na\u0161\u00edm pr\u00e1vn\u00edkem, aby p\u0159ipravil dlouhodobou plnou moc a nemuseli jste ka\u017ed\u00fd rok pro \u00fa\u010dely hlasov\u00e1n\u00ed plnou moc vypl\u0148ovat znovu.&nbsp;<\/p>\n\n\n\n<p><strong>Je prim\u00e1rn\u011b ur\u010den\u00e1 pro vlastn\u00edky, kte\u0159\u00ed d\u00e1vaj\u00ed plnou moc ka\u017ed\u00fd rok a shrom\u00e1\u017ed\u011bn\u00ed se ne\u00fa\u010dastn\u00ed.<\/strong><\/p>\n\n\n\n<p><strong>Ale pros\u00edm i v\u0161echny vlastn\u00edky, kte\u0159\u00ed pravideln\u011b nechod\u00ed na shrom\u00e1\u017ed\u011bn\u00ed a ned\u00e1v\u00e1j\u00ed v\u016fbec pln\u00e9 moci, aby tuto mo\u017enost zv\u00e1\u017eili. V\u0161em n\u00e1m to moc pom\u016f\u017ee.&nbsp;<\/strong><\/p>\n\n\n\n<p>Plnou moc m\u016f\u017eete st\u00e1hnou <a href=\"http:\/\/info.modenska746.cz\/wp-content\/uploads\/2025\/09\/2025_shromazdeni_per-rollam_Plna_moc.docx\">zde.<\/a> Z\u00e1rove\u0148 je v sekci Dokumenty ke sta\u017een\u00ed.<\/p>\n\n\n\n<p><strong>Pln\u00e1 moc plat\u00ed do Va\u0161eho odvol\u00e1n\u00ed<\/strong>. My povedeme evidenci, od koho m\u00e1me dlouhodobou plnou moc. Samoz\u0159ejm\u011b se m\u016f\u017ee st\u00e1t, \u017ee vypln\u00edte tuto plnou moc a na n\u00e1sleduj\u00edc\u00edm shrom\u00e1\u017ed\u011bn\u00ed budete cht\u00edt b\u00fdt, potom pln\u00e1 moc pou\u017eit\u00e1 nebude.&nbsp;<\/p>\n\n\n\n<p>Jednor\u00e1zov\u00e9 pln\u00e9 moci budeme nad\u00e1le pos\u00edlat s pozv\u00e1nkou na dan\u00e9 shrom\u00e1\u017ed\u011bn\u00ed.&nbsp;<\/p>\n\n\n\n<p>Vypln\u011bnou plnou moc m\u016f\u017eete vhodit do schr\u00e1nky SVJ ve Va\u0161em vchod\u011b nebo n\u00e1m ji zaslat mailem. Pokud byste m\u011bli probl\u00e9m s vyti\u0161t\u011bn\u00edm, dejte n\u00e1m v\u011bd\u011bt a my V\u00e1m vyti\u0161t\u011bnou plnou moc vhod\u00edme do schr\u00e1nky.&nbsp;<\/p>\n<\/details>\n\n\n\n<hr class=\"wp-block-separator has-alpha-channel-opacity\"\/>\n\n\n\n<h2 class=\"wp-block-heading\">Nepote\u010de voda<\/h2>\n\n\n\n<details class=\"wp-block-details is-layout-flow wp-block-details-is-layout-flow\"><summary>14.8.2025 v dopoledn\u00edch hodin\u00e1ch<\/summary>\n<p>Nepote\u010de, z d\u016fvodu opravy potrub\u00ed v dom\u011b A ( pravd\u011bpodobn\u011b pouze ve vchod\u011b 139) v 1.-5. pat\u0159e, cca. 2 hodiny voda. Jeliko\u017e se jedn\u00e1 o kr\u00e1tk\u00fd v\u00fdpadek, n\u00e1hradn\u00ed zdroj vody nezaji\u0161\u0165ujeme. <\/p>\n<\/details>\n\n\n\n<hr class=\"wp-block-separator has-alpha-channel-opacity\"\/>\n\n\n\n<h2 class=\"wp-block-heading\">Pl\u00e1novan\u00e1 odst\u00e1vka tepl\u00e9 vody<\/h2>\n\n\n\n<details class=\"wp-block-details is-layout-flow wp-block-details-is-layout-flow\"><summary>8.8.2025 &#8211; 12.8.2025<br><\/summary>\n<p>V na\u0161ich domech bude prob\u00edhat pl\u00e1novan\u00e1 odst\u00e1vka tepl\u00e9 vody.<\/p>\n<\/details>\n\n\n\n<hr class=\"wp-block-separator has-alpha-channel-opacity\"\/>\n\n\n\n<h2 class=\"wp-block-heading\">Shrom\u00e1\u017ed\u011bn\u00ed 2025<\/h2>\n\n\n\n<details class=\"wp-block-details is-layout-flow wp-block-details-is-layout-flow\"><summary>9.6.2025 &#8211; 18:30 &#8211; Z\u0160 Veronsk\u00e9 n\u00e1m\u011bst\u00ed &#8211; prostor j\u00eddelny<\/summary>\n<p>R\u00e1di bychom V\u00e1m t\u00edmto ozn\u00e1mili, \u017ee \u0159\u00e1dn\u00e9 shrom\u00e1\u017ed\u011bn\u00ed na\u0161eho SVJ se bude konat&nbsp;<\/p>\n\n\n\n<p>dne <strong>9.<\/strong><strong>&nbsp;6. 2025<\/strong>&nbsp;od&nbsp;<strong>18:30<\/strong>&nbsp;(od <strong>18:00<\/strong><strong>&nbsp;za\u010d\u00edn\u00e1 registrace<\/strong>) v <strong>prostor\u00e1ch \u0161koln\u00ed j\u00eddelny Z\u0160 Veronsk\u00e9 n\u00e1m\u011bst\u00ed.<\/strong><\/p>\n\n\n\n<p><strong>V p\u0159\u00edpad\u011b neusn\u00e1\u0161en\u00edschopnosti \u0159\u00e1dn\u00e9ho shrom\u00e1\u017ed\u011bn\u00ed se n\u00e1hradn\u00ed shrom\u00e1\u017ed\u011bn\u00ed bude konat 9.6.2025 v 19:00<\/strong><strong>, dle stanov \u010dl. X bod \u010d. 7.<\/strong><\/p>\n\n\n\n<p>Pozv\u00e1nku, plnou moc k p\u0159\u00edpadn\u00e9mu zastupov\u00e1n\u00ed a v\u0161echny p\u0159\u00edlohy si m\u016f\u017eete st\u00e1hnout v sekci ke sta\u017een\u00ed.<\/p>\n\n\n\n<p>R\u00e1di bychom V\u00e1s po\u017e\u00e1dali, pokud se nem\u016f\u017eete z jak\u00e9hokoliv d\u016fvodu shrom\u00e1\u017ed\u011bn\u00ed \u00fa\u010dastnit, pros\u00edm, p\u0159edejte n\u011bkomu svou plnou moc.<\/p>\n\n\n\n<p>D\u011bkujeme a budeme se t\u011b\u0161it na Va\u0161i \u00fa\u010dast.<\/p>\n<\/details>\n\n\n\n<hr class=\"wp-block-separator has-alpha-channel-opacity\"\/>\n\n\n\n<h2 class=\"wp-block-heading\">\u00daklid gar\u00e1\u017e\u00ed<\/h2>\n\n\n\n<details class=\"wp-block-details is-layout-flow wp-block-details-is-layout-flow\"><summary>19. a 20.5. 2025<\/summary>\n<p>V t\u011bchto term\u00ednech prob\u011bhne \u00faklid gar\u00e1\u017e\u00ed. 19.5. &#8211; 2PP, 20.5. &#8211; 1PP. <\/p>\n\n\n\n<p>Jako v\u017edy pros\u00edme o vyparkov\u00e1n\u00ed Va\u0161ich voz\u016f.<\/p>\n\n\n\n<p>Detaily a \u010dasy budou vyv\u011b\u0161eny v domech cca. 14 dn\u00ed p\u0159ed.<\/p>\n\n\n\n<p><\/p>\n<\/details>\n\n\n\n<hr class=\"wp-block-separator has-alpha-channel-opacity\"\/>\n\n\n\n<h2 class=\"wp-block-heading\">Kontejner na velkoobjemov\u00fd odpad<\/h2>\n\n\n\n<details class=\"wp-block-details is-layout-flow wp-block-details-is-layout-flow\"><summary>15.5.2025 &#8211; 16:00 &#8211; 20:00<br><\/summary>\n<p>Bude p\u0159istaven kontejner pro velkoobjemov\u00fd odpad v ulici <strong>Mantovsk\u00e1 734\/3<\/strong>.<\/p>\n\n\n\n<p><strong>Do kontejner\u016f lze odkl\u00e1dat pouze domovn\u00ed odpad, nap\u0159. n\u00e1bytek, kovov\u00e9 odpady, zdravotn\u00ed techniku, podlahov\u00e9 krytiny, zrcadla, sportovn\u00ed n\u00e1\u010din\u00ed apod.<\/strong><\/p>\n\n\n\n<p><strong>Kontejnery NEJSOU ur\u010deny pro odkl\u00e1d\u00e1n\u00ed:<\/strong><\/p>\n\n\n\n<ul class=\"wp-block-list\">\n<li><strong>skla, pap\u00edru, plast\u016f, n\u00e1pojov\u00fdch karton\u016f, kovov\u00fdch obal\u016f<\/strong>, pro kter\u00e9 slou\u017e\u00ed sb\u011brov\u00e9 n\u00e1doby na t\u0159\u00edd\u011bn\u00fd odpad,<\/li>\n\n\n\n<li><strong>stavebn\u00edho odpadu<\/strong>, kter\u00fd lze odevzdat do sb\u011brn\u00fdch dvor\u016f nap\u0159.&nbsp;<em>v ulici Za Zast\u00e1vkou \u010d. 3 v Doln\u00edch M\u011bcholupech (are\u00e1l Mahrla), v Tepl\u00e1rensk\u00e9 ul. \u010d. 5 v Kyj\u00edch, v Be\u010dovsk\u00e9 ul. \u010d. 939 v Uh\u0159\u00edn\u011bvsi, v Bart\u016f\u0148kov\u011b ul. \u010d. 711 na Chodov\u011b \u010di do jin\u00e9ho sb\u011brn\u00e9ho dvora hl. m. Prahy (max. 1 m3)<\/em>,<\/li>\n\n\n\n<li><strong>nebezpe\u010dn\u00e9ho odpadu<\/strong>&nbsp;(nap\u0159. r\u016fzn\u00e9 chemik\u00e1lie a barvy v\u010detn\u011b jejich obal\u016f, baterie, olov\u011bn\u00e9 akumul\u00e1tory, z\u00e1\u0159ivky, odpad ropn\u00fdch l\u00e1tek apod.), jeho\u017e sb\u011br je organizov\u00e1n samostatn\u011b formou mobiln\u00edho sb\u011bru nebo jej lze odevzdat ve sb\u011brn\u00fdch dvorech uveden\u00fdch v\u00fd\u0161e,<\/li>\n\n\n\n<li><strong>vy\u0159azen\u00fdch elektrospot\u0159ebi\u010d\u016f&nbsp;<\/strong>(chladni\u010dky, pra\u010dky, televize, monitory, po\u010d\u00edta\u010de, p\u0159ehr\u00e1va\u010de, telefony apod.), kter\u00e9 lze odlo\u017eit v uveden\u00fdch sb\u011brn\u00fdch dvorech nebo formou zp\u011btn\u00e9ho odb\u011bru. Pro drobn\u00e1 elektroza\u0159\u00edzen\u00ed (f\u00e9ny, fotoapar\u00e1ty, mobily, \u017eehli\u010dky apod.) lze t\u00e9\u017e vyu\u017e\u00edt \u010derven\u00fdch kontejner\u016f rozm\u00edst\u011bn\u00fdch na vybran\u00fdch stanovi\u0161t\u00edch t\u0159\u00edd\u011bn\u00e9ho odpadu,<\/li>\n\n\n\n<li><strong>bioodpadu ze zahrad<\/strong>, jeho\u017e sb\u011br je organizov\u00e1n zvl\u00e1\u0161tn\u00edm p\u0159istaven\u00edm kontejner\u016f&nbsp;<strong>na BIOodpad<\/strong>, nebo jej lze odevzdat zdarma ve v\u0161ech v\u00fd\u0161e uveden\u00fdch sb\u011brn\u00fdch dvorech \u010di kompost\u00e1rn\u011b v D\u0159ev\u010dick\u00e9 ulici \u010d. 45 v Praze 10 \u2013 Male\u0161ic\u00edch,<\/li>\n\n\n\n<li><strong>v\u011bc\u00ed, kter\u00e9 jsou funk\u010dn\u00ed, t\u00e9m\u011b\u0159 nov\u00e9 \u010di jednodu\u0161e znovupou\u017eiteln\u00e9<\/strong>&nbsp;(nap\u0159\u00edklad n\u00e1bytek, knihy \u010di sportovn\u00ed vybaven\u00ed), kter\u00e9 lze odv\u00e9zt do sb\u011brn\u00e9ho dvora s re-use pointem v ulici Zakryt\u00e1, Praha 4 \u2013 Spo\u0159ilov nebo v ulici Pod \u0160ancemi 444\/1, Praha 9 \u2013 Vyso\u010dany,<\/li>\n\n\n\n<li><strong>ve\u0161ker\u00e9ho odpadu vznikl\u00e9ho z podnikatelsk\u00e9 \u010dinnosti.<\/strong><\/li>\n<\/ul>\n<\/details>\n\n\n\n<hr class=\"wp-block-separator has-alpha-channel-opacity\"\/>\n\n\n\n<h2 class=\"wp-block-heading\">Kontejner na velkoobjemov\u00fd odpad<\/h2>\n\n\n\n<details class=\"wp-block-details is-layout-flow wp-block-details-is-layout-flow\"><summary>6.3.2025 &#8211; 16:00 &#8211; 20:00<\/summary>\n<p>Bude p\u0159istaven kontejner pro velkoobjemov\u00fd odpad v ulici <strong>Modensk\u00e1<\/strong>.<\/p>\n\n\n\n<p><strong>Do kontejner\u016f lze odkl\u00e1dat pouze domovn\u00ed odpad, nap\u0159. n\u00e1bytek, kovov\u00e9 odpady, zdravotn\u00ed techniku, podlahov\u00e9 krytiny, zrcadla, sportovn\u00ed n\u00e1\u010din\u00ed apod.<\/strong><\/p>\n\n\n\n<p><strong>Kontejnery NEJSOU ur\u010deny pro odkl\u00e1d\u00e1n\u00ed:<\/strong><\/p>\n\n\n\n<ul class=\"wp-block-list\">\n<li><strong>skla, pap\u00edru, plast\u016f, n\u00e1pojov\u00fdch karton\u016f, kovov\u00fdch obal\u016f<\/strong>, pro kter\u00e9 slou\u017e\u00ed sb\u011brov\u00e9 n\u00e1doby na t\u0159\u00edd\u011bn\u00fd odpad,<\/li>\n\n\n\n<li><strong>stavebn\u00edho odpadu<\/strong>, kter\u00fd lze odevzdat do sb\u011brn\u00fdch dvor\u016f nap\u0159.&nbsp;<em>v ulici Za Zast\u00e1vkou \u010d. 3 v Doln\u00edch M\u011bcholupech (are\u00e1l Mahrla), v Tepl\u00e1rensk\u00e9 ul. \u010d. 5 v Kyj\u00edch, v Be\u010dovsk\u00e9 ul. \u010d. 939 v Uh\u0159\u00edn\u011bvsi, v Bart\u016f\u0148kov\u011b ul. \u010d. 711 na Chodov\u011b \u010di do jin\u00e9ho sb\u011brn\u00e9ho dvora hl. m. Prahy (max. 1 m3)<\/em>,<\/li>\n\n\n\n<li><strong>nebezpe\u010dn\u00e9ho odpadu<\/strong>&nbsp;(nap\u0159. r\u016fzn\u00e9 chemik\u00e1lie a barvy v\u010detn\u011b jejich obal\u016f, baterie, olov\u011bn\u00e9 akumul\u00e1tory, z\u00e1\u0159ivky, odpad ropn\u00fdch l\u00e1tek apod.), jeho\u017e sb\u011br je organizov\u00e1n samostatn\u011b formou mobiln\u00edho sb\u011bru nebo jej lze odevzdat ve sb\u011brn\u00fdch dvorech uveden\u00fdch v\u00fd\u0161e,<\/li>\n\n\n\n<li><strong>vy\u0159azen\u00fdch elektrospot\u0159ebi\u010d\u016f&nbsp;<\/strong>(chladni\u010dky, pra\u010dky, televize, monitory, po\u010d\u00edta\u010de, p\u0159ehr\u00e1va\u010de, telefony apod.), kter\u00e9 lze odlo\u017eit v uveden\u00fdch sb\u011brn\u00fdch dvorech nebo formou zp\u011btn\u00e9ho odb\u011bru. Pro drobn\u00e1 elektroza\u0159\u00edzen\u00ed (f\u00e9ny, fotoapar\u00e1ty, mobily, \u017eehli\u010dky apod.) lze t\u00e9\u017e vyu\u017e\u00edt \u010derven\u00fdch kontejner\u016f rozm\u00edst\u011bn\u00fdch na vybran\u00fdch stanovi\u0161t\u00edch t\u0159\u00edd\u011bn\u00e9ho odpadu,<\/li>\n\n\n\n<li><strong>bioodpadu ze zahrad<\/strong>, jeho\u017e sb\u011br je organizov\u00e1n zvl\u00e1\u0161tn\u00edm p\u0159istaven\u00edm kontejner\u016f&nbsp;<strong>na BIOodpad<\/strong>, nebo jej lze odevzdat zdarma ve v\u0161ech v\u00fd\u0161e uveden\u00fdch sb\u011brn\u00fdch dvorech \u010di kompost\u00e1rn\u011b v D\u0159ev\u010dick\u00e9 ulici \u010d. 45 v Praze 10 \u2013 Male\u0161ic\u00edch,<\/li>\n\n\n\n<li><strong>v\u011bc\u00ed, kter\u00e9 jsou funk\u010dn\u00ed, t\u00e9m\u011b\u0159 nov\u00e9 \u010di jednodu\u0161e znovupou\u017eiteln\u00e9<\/strong>&nbsp;(nap\u0159\u00edklad n\u00e1bytek, knihy \u010di sportovn\u00ed vybaven\u00ed), kter\u00e9 lze odv\u00e9zt do sb\u011brn\u00e9ho dvora s re-use pointem v ulici Zakryt\u00e1, Praha 4 \u2013 Spo\u0159ilov nebo v ulici Pod \u0160ancemi 444\/1, Praha 9 \u2013 Vyso\u010dany,<\/li>\n\n\n\n<li><strong>ve\u0161ker\u00e9ho odpadu vznikl\u00e9ho z podnikatelsk\u00e9 \u010dinnosti.<\/strong><\/li>\n<\/ul>\n\n\n\n<p><\/p>\n<\/details>\n\n\n\n<hr class=\"wp-block-separator has-alpha-channel-opacity\"\/>\n\n\n\n<h2 class=\"wp-block-heading\">Svoz elektroodpadu 4.-8.11.<\/h2>\n\n\n\n<details class=\"wp-block-details is-layout-flow wp-block-details-is-layout-flow\"><summary>Spole\u010dnost ASEKOL<\/summary>\n<p>zajist\u00ed odvoz vyslou\u017eil\u00fdch elektrospot\u0159ebi\u010d\u016f p\u0159\u00edmo s odnosem z va\u0161\u00ed dom\u00e1cnosti!<\/p>\n\n\n\n<p>Objednejte si ZDARMA svoz pomoc\u00ed aplikace nebo na tel.: 234 235 236.<\/p>\n\n\n\n<p>Je mo\u017eno odevzdat velk\u00e9 elektrospot\u0159ebi\u010de (ledni\u010dky, mraz\u00e1ky, pra\u010dky, televizory, monitory), drobn\u00e9 dom\u00e1c\u00ed elektro (kuchy\u0148sk\u00e9 p\u0159\u00edstroje, IT vybaven\u00ed), elektron\u00e1\u0159ad\u00ed, baterie, tonery, \u017e\u00e1rovky, z\u00e1\u0159ivky a dal\u0161\u00ed elektroza\u0159\u00edzen\u00ed.<\/p>\n\n\n\n<p><a><\/a>Vyslou\u017eil\u00e9 elektro bude n\u00e1sledn\u011b p\u0159ed\u00e1no k ekologick\u00e9 recyklaci.<\/p>\n\n\n\n<p>D\u011bkujeme, \u017ee t\u0159\u00edd\u00edte a pom\u00e1h\u00e1te chr\u00e1nit \u017eivotn\u00ed prost\u0159ed\u00ed!<\/p>\n\n\n\n<p>Nen\u00ed mo\u017en\u00e9 odevzdat jin\u00e9 druhy odpad\u016f v\u010detn\u011b nebezpe\u010dn\u00fdch odpad\u016f (chemik\u00e1lie, oleje, barvy&#8230;).<\/p>\n\n\n\n<figure class=\"wp-block-image size-large is-resized\"><img loading=\"lazy\" decoding=\"async\" width=\"1024\" height=\"721\" src=\"https:\/\/info.modenska746.cz\/wp-content\/uploads\/2024\/11\/svoz-odpadu-1-1024x721.png\" alt=\"\" class=\"wp-image-263\" style=\"width:678px;height:auto\" srcset=\"https:\/\/info.modenska746.cz\/wp-content\/uploads\/2024\/11\/svoz-odpadu-1-1024x721.png 1024w, https:\/\/info.modenska746.cz\/wp-content\/uploads\/2024\/11\/svoz-odpadu-1-300x211.png 300w, https:\/\/info.modenska746.cz\/wp-content\/uploads\/2024\/11\/svoz-odpadu-1-768x541.png 768w, https:\/\/info.modenska746.cz\/wp-content\/uploads\/2024\/11\/svoz-odpadu-1.png 1337w\" sizes=\"auto, (max-width: 1024px) 100vw, 1024px\" \/><\/figure>\n<\/details>\n\n\n\n<hr class=\"wp-block-separator has-alpha-channel-opacity\"\/>\n\n\n\n<h2 class=\"wp-block-heading\">V\u00fdsledky ankety 10\/2024<\/h2>\n\n\n\n<details class=\"wp-block-details is-layout-flow wp-block-details-is-layout-flow\"><summary>Prvn\u00ed anketu na\u0161eho SVJ jsme ke 31.10.2024 ukon\u010dili<\/summary>\n<p>V\u00fdsledky m\u00e1te v emailech a i ke sta\u017een\u00ed v z\u00e1lo\u017ece <a href=\"https:\/\/info.modenska746.cz\/index.php\/domovni-rad\/\" data-type=\"page\" data-id=\"77\">Dokumenty ke sta\u017een\u00ed<\/a>. Zde je dokument zaheslovan\u00fd, heslo stejn\u00e9 jako v\u017edy.<\/p>\n<\/details>\n\n\n\n<hr class=\"wp-block-separator has-alpha-channel-opacity\"\/>\n\n\n\n<h2 class=\"wp-block-heading\">Topn\u00e1 sez\u00f3na 2024\/2025 zah\u00e1jena<\/h2>\n\n\n\n<details class=\"wp-block-details is-layout-flow wp-block-details-is-layout-flow\"><summary>13.9.2024 PTAS zah\u00e1jila topnou s\u00e9z\u00f3nu<\/summary>\n<p>&#8222;V n\u00e1vaznosti na v\u00fdznamn\u00fd pokles teplot a p\u0159edpov\u011b\u010f po\u010das\u00ed jsme zah\u00e1jili topnou sez\u00f3nu. Pokra\u010dujeme v pe\u010dliv\u00e9m sledov\u00e1n\u00ed v\u00fdvoje venkovn\u00edch teplot a v p\u0159\u00edpad\u011b dlouhodob\u011bj\u0161\u00edho oteplen\u00ed budeme pru\u017en\u011b reagovat. Na\u0161e p\u0159ed\u00e1vac\u00ed stanice jsou vybaveny automatickou regulac\u00ed, kter\u00e1 p\u0159i zv\u00fd\u0161en\u00ed venkovn\u00edch teplot sama reguluje provozovan\u00e1 za\u0159\u00edzen\u00ed a omez\u00ed vyt\u00e1p\u011bn\u00ed, aby nedoch\u00e1zelo k pl\u00fdtv\u00e1n\u00ed energi\u00ed.&#8220;<\/p>\n\n\n\n<p>Otev\u0159ete si, pros\u00edm, v\u0161echny termostatick\u00e9 hlavice na topn\u00fdch t\u011blesech.&nbsp;<\/p>\n\n\n\n<p>T\u00edm provedeme postupn\u00e9 natlakov\u00e1n\u00ed a odvzdu\u0161n\u011bn\u00ed cel\u00e9 topn\u00e9 soustavy a zabr\u00e1n\u00edme zavzdu\u0161n\u011bn\u00ed topn\u00fdch&nbsp;t\u011bles v jednotliv\u00fdch bytech.<\/p>\n\n\n\n<p>Pokud by n\u011bkter\u00e9 z topn\u00fdch t\u011bles netopilo, je pot\u0159eba ho odvzdu\u0161nit. N\u00e1vod, jak na to, je sekci &#8222;<a href=\"https:\/\/info.modenska746.cz\/index.php\/casto-kladene-otazky\/\" data-type=\"page\" data-id=\"55\">\u010dast\u00e9 ot\u00e1zky<\/a>&#8222;.<\/p>\n<\/details>\n\n\n\n<hr class=\"wp-block-separator has-alpha-channel-opacity\"\/>\n\n\n\n<h2 class=\"wp-block-heading\">Kontejner na velkoobjemov\u00fd odpad<\/h2>\n\n\n\n<details class=\"wp-block-details is-layout-flow wp-block-details-is-layout-flow\"><summary>22.9. 12:00 &#8211; 16:00<\/summary>\n<p>v ulici Mantovsk\u00e1 734\/3 bude p\u0159istaven kontejner na velkoobjemov\u00fd odpad.<\/p>\n<\/details>\n\n\n\n<hr class=\"wp-block-separator has-alpha-channel-opacity\"\/>\n\n\n\n<h2 class=\"wp-block-heading\">Odst\u00e1vka tepl\u00e9 vody <\/h2>\n\n\n\n<details class=\"wp-block-details is-layout-flow wp-block-details-is-layout-flow\"><summary>22.8. &#8211; 8:25 &#8211; 16:00<\/summary>\n<p>Byla n\u00e1m nahl\u00e1\u0161ena odst\u00e1vka dod\u00e1vky tepl\u00e9 vody z d\u016fvodu poruchy. Na n\u00e1prav\u011b se pracuje a m\u011blo by b\u00fdt vy\u0159e\u0161eno do 16:00.<\/p>\n<\/details>\n\n\n\n<hr class=\"wp-block-separator has-alpha-channel-opacity\"\/>\n\n\n\n<h2 class=\"wp-block-heading\">Malov\u00e1n\u00ed<\/h2>\n\n\n\n<details class=\"wp-block-details is-layout-flow wp-block-details-is-layout-flow\"><summary>25.7.2024 za\u010d\u00edn\u00e1me malovat<\/summary>\n<p>V\u00e1\u017een\u00ed vlastn\u00edci,&nbsp;<\/p>\n\n\n\n<p>r\u00e1di bychom V\u00e1s informovali, \u017ee 25.7.2024 za\u010d\u00edn\u00e1me malovat spole\u010dn\u00e9 prostory na\u0161ich dom\u016f, jak jsme si odsouhlasili na shrom\u00e1\u017ed\u011bn\u00ed.&nbsp;<\/p>\n\n\n\n<p>Za\u010d\u00edn\u00e1 se domem A, konkr\u00e9tn\u011b vchodem 139, n\u00e1sledovat bude vchod 137 a jako posledn\u00ed d\u016fm B -7.&nbsp;<\/p>\n\n\n\n<p>Mal\u00ed\u0159i v\u017edy budou postupovat od vrchn\u00edch pater. Ukon\u010den\u00ed prac\u00ed p\u0159edpokl\u00e1d\u00e1me v p\u016flce z\u00e1\u0159\u00ed.&nbsp;<\/p>\n\n\n\n<p>P\u0159edem d\u011bkujeme za shov\u00edvavost p\u0159i do\u010dasn\u00e9m nekomfortu u V\u00e1s na chodb\u011b \u010di schodi\u0161ti.<\/p>\n<\/details>\n\n\n\n<hr class=\"wp-block-separator has-alpha-channel-opacity\"\/>\n\n\n\n<h2 class=\"wp-block-heading\">Ozn\u00e1men\u00ed kontroly EPS<\/h2>\n\n\n\n<details class=\"wp-block-details is-layout-flow wp-block-details-is-layout-flow\"><summary><strong>Ve <strong>st\u0159edu 24. \u010dervence 2024 v&nbsp;\u010dase od 8:00 do 8:15 a odpoledne od 16:15 do 16:30.<\/strong><\/strong><\/summary>\n<p><u>Zkou\u0161ka n\u00e1vazn\u00fdch za\u0159\u00edzen\u00ed a test sir\u00e9n prob\u011bhne mezi 9:00 &#8211;&nbsp;11:00.<\/u><\/p>\n\n\n\n<p>\u017d\u00e1d\u00e1me majitel\u00e9 sklepn\u00edch k\u00f3j\u00ed a gar\u00e1\u017e\u00ed, ve kter\u00fdch maj\u00ed na strop\u011b po\u017e\u00e1rn\u00ed hl\u00e1si\u010d, aby je zp\u0159\u00edstupnili v \u010dasech dle rozpisu.<\/p>\n\n\n\n<p>Z\u00e1rove\u0148 V\u00e1s upozor\u0148ujeme, \u017ee je povinnost\u00ed majitele sklepn\u00ed k\u00f3je a gar\u00e1\u017ee nechat toto za\u0159\u00edzen\u00ed zkontrolovat, jde o bezpe\u010dnost v\u0161ech obyvatel domu.<\/p>\n\n\n\n<p>D\u011bkujeme za pochopen\u00ed a spolupr\u00e1ci.<\/p>\n<\/details>\n\n\n\n<hr class=\"wp-block-separator has-alpha-channel-opacity\"\/>\n\n\n\n<h2 class=\"wp-block-heading\">V\u00fdsledky shrom\u00e1\u017ed\u011bn\u00ed 2024<\/h2>\n\n\n\n<details class=\"wp-block-details is-layout-flow wp-block-details-is-layout-flow\"><summary>Shrom\u00e1\u017ed\u011bn\u00ed 27.5.2024<\/summary>\n<p>V\u00e1\u017een\u00ed vlastn\u00edci,&nbsp;<\/p>\n\n\n\n<p>je\u0161t\u011b jednou V\u00e1m moc d\u011bkujeme za hojnou \u00fa\u010dast na na\u0161em shrom\u00e1\u017ed\u011bn\u00ed, kter\u00e9 se konalo koncem kv\u011btna a po dlouh\u00e9 dob\u011b bylo usn\u00e1\u0161en\u00edschopn\u00e9.<\/p>\n\n\n\n<p>V\u0161echny dokumenty ukl\u00e1d\u00e1me do sekce <a href=\"https:\/\/info.modenska746.cz\/index.php\/domovni-rad\/\" data-type=\"page\" data-id=\"77\">ke sta\u017een\u00ed.<\/a> <\/p>\n<\/details>\n\n\n\n<hr class=\"wp-block-separator has-alpha-channel-opacity\"\/>\n\n\n\n<h2 class=\"wp-block-heading\">Gar\u00e1\u017eov\u00e1 vrata -2<\/h2>\n\n\n\n<details class=\"wp-block-details is-layout-flow wp-block-details-is-layout-flow\"><summary>ji\u017e n\u011bjakou dobu evidujeme probl\u00e9m u gar\u00e1\u017eov\u00fdch vrat v -2, kter\u00e9 se zasek\u00e1vaj\u00ed a nezav\u0159ou&nbsp;se.&nbsp;<\/summary>\n<p><\/p>\n\n\n\n<p>Poptali jsme opravu, kterou m\u00e1me aktu\u00e1ln\u011b nacen\u011bnou a \u010dek\u00e1me na konkr\u00e9tn\u00ed&nbsp; term\u00edn proveden\u00ed, cca. 2-4 t\u00fddny.<\/p>\n\n\n\n<p>Do t\u00e9 doby V\u00e1s moc pros\u00edm o sou\u010dinnost.<\/p>\n\n\n\n<p><strong>1)&nbsp; Neproj\u00ed\u017ed\u011bjte&nbsp;dokud blik\u00e1 sv\u011btlo, po\u010dkejte v\u017edy a\u017e p\u0159estane blikat a pot\u00e9 teprve proje\u010fte.&nbsp;<\/strong><\/p>\n\n\n\n<p><strong>2) V\u017edy \u010dekejte a\u017e se vrata zav\u0159ou.<\/strong><\/p>\n\n\n\n<p><strong>3) Pokud se vrata nezav\u0159ou&nbsp;(blik\u00e1 sv\u011btlo, ale vrata se nestahuj\u00ed), je pot\u0159eba je \u010d\u00e1ste\u010dn\u011b st\u00e1hnout \u0159et\u011bzem, kter\u00fd je po lev\u00e9 stran\u011b vrat a n\u00e1sledn\u011b stisknout tla\u010d\u00edtko na sv\u00e9m ovlada\u010di, pak u\u017e se chytnou a zav\u0159ou se.&nbsp;<\/strong><\/p>\n\n\n\n<p>Pros\u00edm bu\u010fte ohledupln\u00ed ke sv\u00e9mu majetku&nbsp;i k majetku Va\u0161ich soused\u016f.<\/p>\n\n\n\n<p>Ch\u00e1pu, \u017ee v\u0161ichni sp\u011bchaj\u00ed p\u0159i v\u00fdjezdu, ale kv\u016fli minut\u011b nav\u00edc nebudeme muset n\u00e1sledn\u011b \u0159e\u0161it vykraden\u00e9 sklepy nebo jin\u00e1 po\u0161kozen\u00ed majetku.<\/p>\n<\/details>\n\n\n\n<hr class=\"wp-block-separator has-alpha-channel-opacity\"\/>\n\n\n\n<h2 class=\"wp-block-heading\">Odst\u00e1vka tepla a tepl\u00e9 vody<\/h2>\n\n\n\n<details class=\"wp-block-details is-layout-flow wp-block-details-is-layout-flow\"><summary>&nbsp;&nbsp;ve dnech:&nbsp;&nbsp;<strong>6.8.2024 a\u017e 9.8.2024<\/strong><\/summary>\n<p>bude z d\u016fvodu oprav na tepeln\u00e9m za\u0159\u00edzen\u00ed p\u0159eru\u0161en\u00e1 dod\u00e1vka tepla&nbsp;a tepl\u00e9 vody v na\u0161em dom\u011b.<\/p>\n<\/details>\n\n\n\n<hr class=\"wp-block-separator has-alpha-channel-opacity\"\/>\n\n\n\n<p><\/p>\n\n\n\n<h2 class=\"wp-block-heading\">Kontrola HZS hl. m. Prahy<\/h2>\n\n\n\n<p><\/p>\n\n\n\n<details class=\"wp-block-details is-layout-flow wp-block-details-is-layout-flow\"><summary><strong>p\u00e1tek 21.6. od r\u00e1na je nahl\u00e1\u0161en\u00e1 inspekce \u2013 kontrola po\u017e\u00e1rn\u00ed bezpe\u010dnosti ze strany Hasi\u010dsk\u00e9ho z\u00e1chrann\u00e9ho syst\u00e9mu hl.m.Prahy.<\/strong><\/summary>\n<p>Proto v\u00e1s upozor\u0148ujeme a d\u016frazn\u011b \u017e\u00e1d\u00e1me, abyste dodr\u017eovali po\u0159\u00e1dek v&nbsp;gar\u00e1\u017e\u00edch, na spole\u010dn\u00fdch chodb\u00e1ch i v&nbsp;ostatn\u00edch spole\u010dn\u00fdch prostor\u00e1ch.<\/p>\n\n\n\n<p><strong>Na z\u00e1klad\u011b po\u017e\u00e1rn\u011b bezpe\u010dnostn\u00edch pravidel domu vypl\u00fdvaj\u00edc\u00edch ze Z\u00e1kona \u010d. 133\/1985 Sb. Z\u00e1kon \u010cesk\u00e9 n\u00e1rodn\u00ed rady o po\u017e\u00e1rn\u00ed ochran\u011b a Vyhl\u00e1\u0161ky \u010d. 246\/2001 Sb.&nbsp;<em>Vyhl\u00e1\u0161ka Ministerstva vnitra o stanoven\u00ed podm\u00ednek po\u017e\u00e1rn\u00ed bezpe\u010dnosti a v\u00fdkonu st\u00e1tn\u00edho po\u017e\u00e1rn\u00edho dozoru (vyhl\u00e1\u0161ka o po\u017e\u00e1rn\u00ed prevenci) plat\u00ed p\u0159edev\u0161\u00edm:<\/em><\/strong><\/p>\n\n\n\n<ul class=\"wp-block-list\">\n<li>Nen\u00ed dovolen\u00e9 odkl\u00e1d\u00e1n\u00ed r\u016fzn\u00fdch p\u0159edm\u011bt\u016f na spojovac\u00edch chodb\u00e1ch v&nbsp;cel\u00e9m dom\u011b ani na gar\u00e1\u017eov\u00fdch st\u00e1n\u00edch \u2013 tyto prostory jsou \u00fanikov\u00fdmi cestami v&nbsp;p\u0159\u00edpad\u011b po\u017e\u00e1ru a p\u0159i zad\u00fdmen\u00ed je slab\u00e1 viditelnost, tak\u017ee se m\u016f\u017ee st\u00e1t, \u017ee n\u011bkdo p\u0159\u00ed \u00faniku p\u0159ed po\u017e\u00e1rem naraz\u00ed a upadne kv\u016fli takov\u00fdm p\u0159edm\u011bt\u016fm a m\u016f\u017ee ho to st\u00e1t \u017eivot, krom\u011b toho m\u016f\u017eou sami b\u00fdt ho\u0159lav\u00e9 a zvy\u0161uj\u00ed t\u00edm nebezpe\u010d\u00ed po\u017e\u00e1ru.<\/li>\n\n\n\n<li>Parkov\u00e1n\u00ed mimo povolen\u00fdch a vyzna\u010den\u00fdch m\u00edst v&nbsp;dom\u011b i v&nbsp;okol\u00ed domu je zak\u00e1zan\u00e9 \u2013 st\u011b\u017euje p\u0159\u00edstup v&nbsp;p\u0159\u00edpad\u011b po\u017e\u00e1ru z\u00e1chrann\u00fdm slo\u017ek\u00e1m i \u00faniku p\u0159ed po\u017e\u00e1rem.<\/li>\n\n\n\n<li>Parkov\u00e1n\u00ed na gar\u00e1\u017eov\u00e9m st\u00e1n\u00ed sou\u010dasn\u011b automobilem i motocyklem je zak\u00e1zan\u00e9 \u2013 hromadn\u00e1 parkovac\u00ed st\u00e1n\u00ed pod bytov\u00fdm domem jsou projek\u010dn\u011b navrhov\u00e1na tak, \u017ee se uva\u017euje pouze s jedn\u00edm automobilem (pop\u0159. jedn\u00edm jednostop\u00fdm vozidlem) na jednom parkovac\u00edm st\u00e1n\u00ed. Motorka p\u0159edstavuje jednostop\u00e9 vozidlo, kter\u00e9 mus\u00ed b\u00fdt parkov\u00e1no na dal\u0161\u00edm parkovac\u00edm st\u00e1n\u00ed. Na jednom st\u00e1n\u00ed nem\u016f\u017ee parkovat v\u00edce vozidel \u2013 vych\u00e1z\u00ed to z \u010cSN 730810. Dal\u0161\u00ed motorov\u00e9 vozidlo je stejn\u011b, jako jin\u00e9 p\u0159edm\u011bty p\u0159ek\u00e1\u017ekou p\u0159i \u00faniku, a zvy\u0161uje nebezpe\u010d\u00ed po\u017e\u00e1ru.<\/li>\n<\/ul>\n\n\n\n<p>V&nbsp;p\u0159\u00edpad\u011b jak\u00fdchkoliv v\u00e1\u017en\u00fdch nehod a probl\u00e9m\u016f je nedodr\u017eov\u00e1n\u00ed p\u0159edpis\u016f d\u016fvodem neuzn\u00e1n\u00ed pojistn\u00e9ho pln\u011bn\u00ed poji\u0161\u0165ovnou za p\u0159\u00edpadnou vzniklou \u0161kodu na dom\u011b. D\u00e1le je poru\u0161ov\u00e1n\u00ed v\u00fd\u0161e zm\u00edn\u011bn\u00fdch p\u0159edpis\u016f d\u016fvodem k&nbsp;pokutov\u00e1n\u00ed SVJ.<\/p>\n\n\n\n<p><strong><u>Za opakovan\u00e9 nedodr\u017een\u00ed po\u0159\u00e1dku na \u00fanikov\u00fdch cest\u00e1ch dle v\u00fd\u0161e uveden\u00fdch p\u0159edpis\u016f, na kter\u00e9 bylo SVJ p\u0159i minul\u00e9 kontrole upozorn\u011bn\u00e9, hroz\u00ed SVJ pokuta, kter\u00e1 bude roz\u00fa\u010dtovan\u00e1 vlastn\u00edk\u016fm, poru\u0161uj\u00edc\u00edm p\u0159edpisy.<\/u><\/strong><\/p>\n\n\n\n<p><strong>\u017d\u00e1d\u00e1me proto v\u0161echny vlastn\u00edky, aby neprodlen\u011b odstranili v\u0161echny odlo\u017een\u00e9 p\u0159edm\u011bty (sk\u0159\u00ed\u0148ky, botn\u00edky, ko\u010d\u00e1rky, kola, r\u016fzn\u00fd nepo\u0159\u00e1dek\u2026) na chodb\u00e1ch a na parkovac\u00edch st\u00e1n\u00edch (kola, oleje, stolky, kartony, nepo\u0159\u00e1dek\u2026) nejpozd\u011bji&nbsp;<u>do ned\u011ble 16.6.<\/u>&nbsp;a dbali na dodr\u017eov\u00e1n\u00ed p\u0159edpis\u016f. \u017d\u00e1d\u00e1m pronaj\u00edmatele byt\u016f a ostatn\u00edch prostor, aby o tom neprodlen\u011b informovali i sv\u00e9 n\u00e1jemn\u00edky.<\/strong><\/p>\n\n\n\n<p><strong>Po tomto term\u00ednu, p\u0159ed kontrolou HZS, budou v\u0161echny nepat\u0159i\u010dn\u00e9 p\u0159edm\u011bty odstran\u011bn\u00e9 do odpadk\u016f!<\/strong><\/p>\n\n\n\n<p>D\u011bkujeme za pochopen\u00ed a spolupr\u00e1ci.<\/p>\n<\/details>\n\n\n\n<div class=\"wp-block-group\"><div class=\"wp-block-group__inner-container is-layout-constrained wp-block-group-is-layout-constrained\">\n<div class=\"wp-block-group\"><div class=\"wp-block-group__inner-container is-layout-constrained wp-block-group-is-layout-constrained\">\n<p><\/p>\n<\/div><\/div>\n<\/div><\/div>\n","protected":false},"excerpt":{"rendered":"<p>V\u00fdm\u011bna vodom\u011br\u016f Instalace kamer \u010ci\u0161t\u011bn\u00ed gar\u00e1\u017e\u00ed \u010ci\u0161t\u011bn\u00ed gar\u00e1\u017e\u00ed Dlouhodob\u00e1 pln\u00e1 moc Nepote\u010de voda Pl\u00e1novan\u00e1 odst\u00e1vka tepl\u00e9 vody Shrom\u00e1\u017ed\u011bn\u00ed 2025 \u00daklid gar\u00e1\u017e\u00ed Kontejner na velkoobjemov\u00fd odpad Kontejner na velkoobjemov\u00fd odpad Svoz elektroodpadu 4.-8.11. V\u00fdsledky ankety 10\/2024 Topn\u00e1 sez\u00f3na 2024\/2025 zah\u00e1jena Kontejner na velkoobjemov\u00fd odpad Odst\u00e1vka tepl\u00e9 vody Malov\u00e1n\u00ed Ozn\u00e1men\u00ed kontroly EPS V\u00fdsledky shrom\u00e1\u017ed\u011bn\u00ed 2024 Gar\u00e1\u017eov\u00e1 vrata -2 Odst\u00e1vka tepla a tepl\u00e9 vody Kontrola HZS hl. m. Prahy<\/p>\n","protected":false},"author":1,"featured_media":0,"parent":0,"menu_order":0,"comment_status":"closed","ping_status":"closed","template":"","meta":{"footnotes":""},"class_list":["post-38","page","type-page","status-publish","hentry"],"_links":{"self":[{"href":"https:\/\/info.modenska746.cz\/index.php\/wp-json\/wp\/v2\/pages\/38","targetHints":{"allow":["GET"]}}],"collection":[{"href":"https:\/\/info.modenska746.cz\/index.php\/wp-json\/wp\/v2\/pages"}],"about":[{"href":"https:\/\/info.modenska746.cz\/index.php\/wp-json\/wp\/v2\/types\/page"}],"author":[{"embeddable":true,"href":"https:\/\/info.modenska746.cz\/index.php\/wp-json\/wp\/v2\/users\/1"}],"replies":[{"embeddable":true,"href":"https:\/\/info.modenska746.cz\/index.php\/wp-json\/wp\/v2\/comments?post=38"}],"version-history":[{"count":48,"href":"https:\/\/info.modenska746.cz\/index.php\/wp-json\/wp\/v2\/pages\/38\/revisions"}],"predecessor-version":[{"id":341,"href":"https:\/\/info.modenska746.cz\/index.php\/wp-json\/wp\/v2\/pages\/38\/revisions\/341"}],"wp:attachment":[{"href":"https:\/\/info.modenska746.cz\/index.php\/wp-json\/wp\/v2\/media?parent=38"}],"curies":[{"name":"wp","href":"https:\/\/api.w.org\/{rel}","templated":true}]}}